{"id":19,"date":"2023-04-25T10:38:41","date_gmt":"2023-04-25T10:38:41","guid":{"rendered":"https:\/\/wp.icmm.csic.es\/curso-capas\/?page_id=19"},"modified":"2023-05-24T06:59:47","modified_gmt":"2023-05-24T06:59:47","slug":"inscripcion","status":"publish","type":"page","link":"https:\/\/wp.icmm.csic.es\/curso-capas\/inscripcion\/","title":{"rendered":"FECHAS E INSCRIPCION"},"content":{"rendered":"<h5 align=\"center\"><b><span style=\"color: #8b0000;\">CERRADO EL PLAZO DE INSCRIPCI\u00d3N<\/span><\/b><\/h5>\n<h5 align=\"center\"><b>Fechas de celebraci\u00f3n:<\/b><\/h5>\n<h5 align=\"center\"><b><span style=\"color: #8b0000;\">Temas 0 a 10:<\/span> Semana del 29 de mayo al 2 de junio de 2023<br \/>\n<span style=\"color: #8b0000;\">Temas 11 a 21:\u00a0<\/span>Semana del 5\u00a0 al 9 de junio de 2023<\/b><\/h5>\n<h5 align=\"center\"><b>Horario de clases: 15:30 a 19:30h<\/b><\/h5>\n<p><strong>Matr\u00edcula:<\/strong><\/p>\n<p style=\"text-align: justify;\">El precio de la matr\u00edcula es de 300\u20ac (*), la cual incluye la asistencia a las clases y notas del profesor. El pago incluye un ejemplar del libro \u201c<a href=\"https:\/\/editorial.csic.es\/publicaciones\/libros\/13119\/0\/capas-delgadas-y-modificacion-superficial-de-mater.html\" target=\"_blank\" rel=\"noopener\">CAPAS DELGADAS Y MODIFICACI\u00d3N SUPERFICIAL DE MATERIALES<\/a>\u201d, Ed. Jos\u00e9 M. Albella, CSIC, 2018.<\/p>\n<p style=\"text-align: justify;\">(*) La matr\u00edcula es <strong>gratuita<\/strong> para estudiantes de doctorado y m\u00e1ster, as\u00ed como investigadores y t\u00e9cnicos pertenecientes a centros del CSIC.<\/p>\n<p><strong>Inscripci\u00f3n:<\/strong><\/p>\n<p style=\"text-align: justify;\">Para realizar la inscripci\u00f3n es necesario rellenar el siguiente formulario:<\/p>\n<h4 style=\"text-align: center;\"><b>FORMULARIO DE INSCRIPCI\u00d3N &#8211; CERRADO &#8211; AFORO COMPLETO<br \/>\n<\/b><\/h4>\n<p><strong>NOTA:<\/strong> La realizaci\u00f3n del curso est\u00e1 supeditada a la inscripci\u00f3n de un m\u00ednimo de 10 alumnos.<\/p>\n<h6 align=\"right\">\u00daltima actualizaci\u00f3n: 23\/05\/2023 15:01:47<\/h6>\n","protected":false},"excerpt":{"rendered":"<p>CERRADO EL PLAZO DE INSCRIPCI\u00d3N Fechas de celebraci\u00f3n: Temas 0 a 10: Semana del 29 de mayo al 2 de junio de 2023 Temas 11 a 21:\u00a0Semana del 5\u00a0 al 9 de junio de 2023 Horario de clases: 15:30 a 19:30h Matr\u00edcula: El precio de la matr\u00edcula es de 300\u20ac (*), la cual incluye la [&hellip;]<\/p>\n","protected":false},"author":101,"featured_media":0,"parent":0,"menu_order":5,"comment_status":"closed","ping_status":"closed","template":"","meta":{"footnotes":""},"class_list":["post-19","page","type-page","status-publish","hentry"],"_links":{"self":[{"href":"https:\/\/wp.icmm.csic.es\/curso-capas\/wp-json\/wp\/v2\/pages\/19","targetHints":{"allow":["GET"]}}],"collection":[{"href":"https:\/\/wp.icmm.csic.es\/curso-capas\/wp-json\/wp\/v2\/pages"}],"about":[{"href":"https:\/\/wp.icmm.csic.es\/curso-capas\/wp-json\/wp\/v2\/types\/page"}],"author":[{"embeddable":true,"href":"https:\/\/wp.icmm.csic.es\/curso-capas\/wp-json\/wp\/v2\/users\/101"}],"replies":[{"embeddable":true,"href":"https:\/\/wp.icmm.csic.es\/curso-capas\/wp-json\/wp\/v2\/comments?post=19"}],"version-history":[{"count":22,"href":"https:\/\/wp.icmm.csic.es\/curso-capas\/wp-json\/wp\/v2\/pages\/19\/revisions"}],"predecessor-version":[{"id":216,"href":"https:\/\/wp.icmm.csic.es\/curso-capas\/wp-json\/wp\/v2\/pages\/19\/revisions\/216"}],"wp:attachment":[{"href":"https:\/\/wp.icmm.csic.es\/curso-capas\/wp-json\/wp\/v2\/media?parent=19"}],"curies":[{"name":"wp","href":"https:\/\/api.w.org\/{rel}","templated":true}]}}